{"id":9444,"date":"2023-10-28T19:50:00","date_gmt":"2023-10-28T17:50:00","guid":{"rendered":"https:\/\/europe.wordcamp.org\/2024\/speaker\/flavia-bernardez-rodriguez\/"},"modified":"2024-05-03T10:57:31","modified_gmt":"2024-05-03T08:57:31","slug":"flavia-bernardez-rodriguez","status":"publish","type":"wcb_speaker","link":"https:\/\/europe.wordcamp.org\/2024\/speaker\/flavia-bernardez-rodriguez\/","title":{"rendered":"Flavia Bern\u00e1rdez Rodr\u00edguez"},"content":{"rendered":"\n<div class=\"wp-block-group alignfull has-global-padding is-layout-constrained wp-container-core-group-is-layout-08281ae9 wp-block-group-is-layout-constrained\"><figure style=\"width:512px;height:512px;\" class=\"speaker-image-featured wp-block-wordcamp-avatar wp-container-content-9cfa9a5a\"><a href=\"https:\/\/europe.wordcamp.org\/2024\/speaker\/flavia-bernardez-rodriguez\/\"><img decoding=\"async\" src=\"https:\/\/secure.gravatar.com\/avatar\/e6bb3ddf0cea9857518a2ccd8e2a6e7c64b234814e3cd2c574d47b0ac147a980?s=512&amp;d=blank&amp;r=g\" alt=\"Flavia Bern\u00e1rdez Rodr\u00edguez\" \/><\/a><\/figure>\n\n\n<div style=\"height:140px\" aria-hidden=\"true\" class=\"wp-block-spacer\"><\/div>\n\n\n<h2 class=\"wp-block-post-title\">Flavia Bern\u00e1rdez Rodr\u00edguez<\/h2>\n\n\n<h3 class=\"wp-block-heading\"><a href=\"http:\/\/profiles.wordpress.org\/flabernardez\">@flabernardez<\/a><\/h3>\n\n\n\n<p class=\"wp-block-paragraph\">Spain<\/p>\n\n\n\n<p class=\"wp-block-paragraph\">I am passionate about creating websites, apps, and various projects using WordPress. When I&#8217;m not immersed in my work, you can find me drawing editorial illustrations or enjoying movies. <\/p>\n\n\n\n<p class=\"wp-block-paragraph\">I actively organise meetups for WordPress and Figma in Alicante, Spain. Additionally, I host an annual event focused on film divulgation. <\/p>\n\n\n\n<p class=\"wp-block-paragraph\">Fun fact: my name means &#8216;yellow.&#8217;<\/p>\n\n\n\n<div class=\"wp-block-group has-custom-fuel-yellow-100-background-color has-background is-layout-flow wp-block-group-is-layout-flow\" style=\"margin-top:var(--wp--preset--spacing--50);margin-bottom:var(--wp--preset--spacing--60)\">\n<div class=\"wp-block-group alignfull speaker-single-session has-global-padding is-layout-constrained wp-container-core-group-is-layout-e4fea790 wp-block-group-is-layout-constrained\" style=\"padding-top:var(--wp--preset--spacing--40);padding-right:var(--wp--preset--spacing--40);padding-bottom:0;padding-left:var(--wp--preset--spacing--40)\">\n<h4 class=\"wp-block-heading is-style-default\" style=\"padding-top:0;padding-bottom:0\">Session<\/h4>\n\n\n<ul style=\"padding-top:0;padding-bottom:0;padding-left:0;padding-right:0;margin-right:0;margin-left:0;margin-top:0;margin-bottom:0;\" class=\"is-style-default wp-block-wordcamp-speaker-sessions\"><li><p><a href=\"https:\/\/europe.wordcamp.org\/2024\/session\/crafting-an-app-with-the-site-and-block-editor-a-comprehensive-case-study\/\">Crafting an App with the Site and Block Editor: A Comprehensive Case Study.<\/a><\/p><\/li><\/ul><\/div>\n\n\n\n<div class=\"wp-block-columns alignfull has-background is-layout-flex wp-container-core-columns-is-layout-30f78418 wp-block-columns-is-layout-flex\" style=\"background:linear-gradient(182deg,rgb(249,178,51) 52%,rgb(255,255,255) 53%);padding-top:0;padding-bottom:0\">\n<div class=\"wp-block-column is-layout-flow wp-block-column-is-layout-flow\">\n<div style=\"height:100px\" aria-hidden=\"true\" class=\"wp-block-spacer\"><\/div>\n<\/div>\n<\/div>\n<\/div>\n\n\n\n<div class=\"wp-block-group has-global-padding is-layout-constrained wp-block-group-is-layout-constrained\">\n<h2 class=\"wp-block-heading\">Get to know Flavia \ud83c\udf99\ufe0f<\/h2>\n\n\n\n<div style=\"height:66px\" aria-hidden=\"true\" class=\"wp-block-spacer\"><\/div>\n\n\n\n<h4 class=\"wp-block-heading\"><em>Can you start by painting a picture of what a typical day looks like for you? What fuels your passion for the work you do, and how does it tie into your involvement with WCEU?<\/em><\/h4>\n\n\n\n<p class=\"wp-block-paragraph\">My life is quite simple: I do some workouts at the gym, drink a bunch of cups of coffee, and work on client projects. Usually, I manage 3-4 projects at the same time using design sprints, with one meeting per week per client.<\/p>\n\n\n\n<p class=\"wp-block-paragraph\">This usually takes place in the mornings. Afternoons are dedicated to leisure time\u2014I walk, go to the cinema, read the book I am currently into, or play video games. Meetups are usually in the afternoons too (I co-organize WordPress and Figma ones in Alicante), and formation and talks also occur at this time. They are not always about technology; sometimes they are about comics, video games, or films, because I run a non-profit organization with my partner that focuses on film outreach.<\/p>\n\n\n\n<hr class=\"wp-block-separator has-alpha-channel-opacity is-style-dots\" \/>\n\n\n\n<div style=\"height:30px\" aria-hidden=\"true\" class=\"wp-block-spacer\"><\/div>\n\n\n\n<h4 class=\"wp-block-heading\"><em>What sparked your interest in becoming a speaker at WCEU? Was there a particular moment or experience that motivated you to share your insights with this community?<\/em><\/h4>\n\n\n\n<p class=\"wp-block-paragraph\">I love the WordPress community and enjoy sharing my experiences creating websites and apps with WordPress. I would really like to share some of my latest discoveries with the community. I think the best way to do this is at a WordCamp, and if it&#8217;s at WordCamp Europe, even better!<\/p>\n\n\n\n<div class=\"wp-block-group has-global-padding is-layout-constrained wp-block-group-is-layout-constrained\">\n<div class=\"wp-block-group has-global-padding is-layout-constrained wp-block-group-is-layout-constrained\">\n<div style=\"height:30px\" aria-hidden=\"true\" class=\"wp-block-spacer\"><\/div>\n<\/div>\n\n\n\n<div class=\"wp-block-group has-global-padding is-layout-constrained wp-block-group-is-layout-constrained\">\n<div class=\"wp-block-group has-global-padding is-layout-constrained wp-block-group-is-layout-constrained\">\n<hr class=\"wp-block-separator has-alpha-channel-opacity is-style-dots\" \/>\n<\/div>\n\n\n\n<div style=\"height:30px\" aria-hidden=\"true\" class=\"wp-block-spacer\"><\/div>\n<\/div>\n<\/div>\n\n\n\n<h4 class=\"wp-block-heading\"><em>For those awaiting your talk, could you give us a preview of what we can expect to learn from your talk? Any sneak peeks?<\/em><\/h4>\n\n\n\n<p class=\"wp-block-paragraph\">I will discuss how we can leverage WordPress core architectural information to build complex platforms. I will also explain how existing plugins, such as LearnDash\u2014which is designed for creating educational content\u2014can be adapted for different types of platforms, like a physical gymkhana, for example. By understanding how Custom Post Types work, we can adapt a plugin originally created for one function to serve another, thanks to the flexibility and simplified content architecture that WordPress offers.<\/p>\n\n\n\n<div class=\"wp-block-group has-global-padding is-layout-constrained wp-block-group-is-layout-constrained\">\n<div class=\"wp-block-group has-global-padding is-layout-constrained wp-block-group-is-layout-constrained\">\n<hr class=\"wp-block-separator has-alpha-channel-opacity is-style-dots\" \/>\n<\/div>\n\n\n\n<div style=\"height:30px\" aria-hidden=\"true\" class=\"wp-block-spacer\"><\/div>\n<\/div>\n\n\n\n<h4 class=\"wp-block-heading\"><em>Is it your first time at a WCEU or WordPress event? Any standout memories or lessons learned that you&#8217;d like to share?<\/em><\/h4>\n\n\n\n<p class=\"wp-block-paragraph\">This is my second WCEU; the first one was in Porto, where I had such a wonderful experience with the WordPress Community. I encountered a mishap with my car, resulting in the loss of almost everything inside, including my laptop, iPad Pro, etc., which I use for work. Nilo V\u00e9lez and Rober Tu\u00f1\u00f3n started a crowdfunding campaign to help me address some of the losses from this incident, and the response was incredible. The laptop I am using to write this interview was funded by the WordPress Community. Now, I feel a strong obligation to give back to the community that supported me.<\/p>\n\n\n\n<p class=\"wp-block-paragraph\">Do you know the saying &#8216;give back to WordPress what WordPress gives to you&#8217;? Now I feel like I&#8217;ve taken on an &#8216;eternal mortgage&#8217; with all of you. Haha.<\/p>\n\n\n\n<div class=\"wp-block-group has-global-padding is-layout-constrained wp-block-group-is-layout-constrained\">\n<div class=\"wp-block-group has-global-padding is-layout-constrained wp-block-group-is-layout-constrained\">\n<hr class=\"wp-block-separator has-alpha-channel-opacity is-style-dots\" \/>\n<\/div>\n\n\n\n<div style=\"height:30px\" aria-hidden=\"true\" class=\"wp-block-spacer\"><\/div>\n<\/div>\n\n\n\n<h4 class=\"wp-block-heading\"><em>Looking beyond the scheduled sessions, what do you hope attendees will take away from their overall experience at WCEU? How can they leverage the event to enhance their professional development or personal growth?&nbsp;<\/em><\/h4>\n\n\n\n<p class=\"wp-block-paragraph\">Apply this to all the parties and activities that WordCamp and sponsors organize. Laugh, be happy and kind, greet the people you follow on social media, and meet new ones. Please consider following new people who are &#8216;not like you.&#8217; The WordPress Community is incredibly diverse, and WordCamps provide a great opportunity to step out of your comfort zone. If you usually follow men, try following women. If you are white, follow racially diverse colleagues. Lastly, I recommend exercising considerable thoughtfulness when asking something in a public situation. Remember, a question is just a question, not an opportunity for an opinion or to display &#8216;expert knowledge&#8217;.<\/p>\n\n\n\n<div style=\"height:74px\" aria-hidden=\"true\" class=\"wp-block-spacer\"><\/div>\n<\/div>\n<\/div>\n\n\n\n<div class=\"wp-block-group has-custom-mandy-40-background-color has-background has-global-padding is-layout-constrained wp-container-core-group-is-layout-6849f779 wp-block-group-is-layout-constrained\" style=\"margin-top:0;margin-bottom:0;padding-top:var(--wp--preset--spacing--50);padding-bottom:var(--wp--preset--spacing--50)\">\n<h3 class=\"wp-block-heading\">Other Speakers<\/h3>\n\n\n\n<div class=\"wp-block-query is-layout-flow wp-block-query-is-layout-flow\"><ul class=\"columns-3 wp-block-post-template is-layout-grid wp-container-core-post-template-is-layout-7a7e3e15 wp-block-post-template-is-layout-grid\"><li class=\"wp-block-post post-9444 wcb_speaker type-wcb_speaker status-publish hentry\">\n\n<div class=\"wp-block-group is-vertical is-layout-flex wp-container-core-group-is-layout-5c542538 wp-block-group-is-layout-flex\"><figure style=\"width:256px;height:256px;\" class=\"speaker-image-featured-small wp-block-wordcamp-avatar wp-container-content-9cfa9a5a\"><a href=\"https:\/\/europe.wordcamp.org\/2024\/speaker\/flavia-bernardez-rodriguez\/\"><img decoding=\"async\" src=\"https:\/\/secure.gravatar.com\/avatar\/e6bb3ddf0cea9857518a2ccd8e2a6e7c64b234814e3cd2c574d47b0ac147a980?s=256&amp;d=blank&amp;r=g\" alt=\"Flavia Bern\u00e1rdez Rodr\u00edguez\" \/><\/a><\/figure>\n\n<h4 class=\"wp-block-post-title\"><a href=\"https:\/\/europe.wordcamp.org\/2024\/speaker\/flavia-bernardez-rodriguez\/\" target=\"_self\" >Flavia Bern\u00e1rdez Rodr\u00edguez<\/a><\/h4><\/div>\n\n<\/li><li class=\"wp-block-post post-9448 wcb_speaker type-wcb_speaker status-publish has-post-thumbnail hentry\">\n\n<div class=\"wp-block-group is-vertical is-layout-flex wp-container-core-group-is-layout-5c542538 wp-block-group-is-layout-flex\"><figure style=\"width:256px;height:256px;\" class=\"speaker-image-featured-small wp-block-wordcamp-avatar wp-container-content-9cfa9a5a\"><a href=\"https:\/\/europe.wordcamp.org\/2024\/speaker\/florie-van-hummel\/\"><img loading=\"lazy\" decoding=\"async\" width=\"256\" height=\"256\" src=\"https:\/\/i0.wp.com\/europe.wordcamp.org\/2024\/files\/2023\/10\/avatar_florie_van_hummel.png?fit=256%2C256&amp;ssl=1\" class=\"attachment-256x256 size-256x256 wp-post-image\" alt=\"Florie van Hummel\" srcset=\"https:\/\/i0.wp.com\/europe.wordcamp.org\/2024\/files\/2023\/10\/avatar_florie_van_hummel.png?w=500&amp;ssl=1 500w, https:\/\/i0.wp.com\/europe.wordcamp.org\/2024\/files\/2023\/10\/avatar_florie_van_hummel.png?resize=300%2C300&amp;ssl=1 300w, https:\/\/i0.wp.com\/europe.wordcamp.org\/2024\/files\/2023\/10\/avatar_florie_van_hummel.png?resize=150%2C150&amp;ssl=1 150w\" sizes=\"auto, (max-width: 256px) 100vw, 256px\" \/><\/a><\/figure>\n\n<h4 class=\"wp-block-post-title\"><a href=\"https:\/\/europe.wordcamp.org\/2024\/speaker\/florie-van-hummel\/\" target=\"_self\" >Florie van Hummel<\/a><\/h4><\/div>\n\n<\/li><li class=\"wp-block-post post-9455 wcb_speaker type-wcb_speaker status-publish hentry\">\n\n<div class=\"wp-block-group is-vertical is-layout-flex wp-container-core-group-is-layout-5c542538 wp-block-group-is-layout-flex\"><figure style=\"width:256px;height:256px;\" class=\"speaker-image-featured-small wp-block-wordcamp-avatar wp-container-content-9cfa9a5a\"><a href=\"https:\/\/europe.wordcamp.org\/2024\/speaker\/francisco-torres\/\"><img decoding=\"async\" src=\"https:\/\/secure.gravatar.com\/avatar\/b08a8aa77a5e6b8a5190d1cc14e17d3e2215d1995c09045c2b165c859642e806?s=256&amp;d=blank&amp;r=g\" alt=\"Francisco Torres\" \/><\/a><\/figure>\n\n<h4 class=\"wp-block-post-title\"><a href=\"https:\/\/europe.wordcamp.org\/2024\/speaker\/francisco-torres\/\" target=\"_self\" >Francisco Torres<\/a><\/h4><\/div>\n\n<\/li><\/ul><\/div>\n<\/div>\n","protected":false},"excerpt":{"rendered":"<p>I am passionate about creating websites, apps, and various projects using WordPress. When I&#8217;m not immersed in my work, you can find me drawing editorial illustrations or enjoying movies.<\/p>\n","protected":false},"author":15025730,"featured_media":0,"comment_status":"closed","ping_status":"closed","template":"wp-custom-template-speaker-single","meta":{"_crdt_document":"","advanced_seo_description":"","jetpack_seo_html_title":"","jetpack_seo_noindex":false,"jetpack_post_was_ever_published":false,"_wcpt_user_name":"flabernardez","footnotes":""},"speaker_group":[],"class_list":["post-9444","wcb_speaker","type-wcb_speaker","status-publish","hentry"],"jetpack_shortlink":"https:\/\/wp.me\/peP1kR-2sk","jetpack_sharing_enabled":true,"avatar_urls":{"24":"https:\/\/secure.gravatar.com\/avatar\/e6bb3ddf0cea9857518a2ccd8e2a6e7c64b234814e3cd2c574d47b0ac147a980?s=24&d=blank&r=g","48":"https:\/\/secure.gravatar.com\/avatar\/e6bb3ddf0cea9857518a2ccd8e2a6e7c64b234814e3cd2c574d47b0ac147a980?s=48&d=blank&r=g","96":"https:\/\/secure.gravatar.com\/avatar\/e6bb3ddf0cea9857518a2ccd8e2a6e7c64b234814e3cd2c574d47b0ac147a980?s=96&d=blank&r=g","128":"https:\/\/secure.gravatar.com\/avatar\/e6bb3ddf0cea9857518a2ccd8e2a6e7c64b234814e3cd2c574d47b0ac147a980?s=128&d=blank&r=g","256":"https:\/\/secure.gravatar.com\/avatar\/e6bb3ddf0cea9857518a2ccd8e2a6e7c64b234814e3cd2c574d47b0ac147a980?s=256&d=blank&r=g","512":"https:\/\/secure.gravatar.com\/avatar\/e6bb3ddf0cea9857518a2ccd8e2a6e7c64b234814e3cd2c574d47b0ac147a980?s=512&d=blank&r=g"},"_links":{"self":[{"href":"https:\/\/europe.wordcamp.org\/2024\/wp-json\/wp\/v2\/speakers\/9444","targetHints":{"allow":["GET"]}}],"collection":[{"href":"https:\/\/europe.wordcamp.org\/2024\/wp-json\/wp\/v2\/speakers"}],"about":[{"href":"https:\/\/europe.wordcamp.org\/2024\/wp-json\/wp\/v2\/types\/wcb_speaker"}],"author":[{"embeddable":true,"href":"https:\/\/europe.wordcamp.org\/2024\/wp-json\/wp\/v2\/users\/15025730"}],"replies":[{"embeddable":true,"href":"https:\/\/europe.wordcamp.org\/2024\/wp-json\/wp\/v2\/comments?post=9444"}],"version-history":[{"count":8,"href":"https:\/\/europe.wordcamp.org\/2024\/wp-json\/wp\/v2\/speakers\/9444\/revisions"}],"predecessor-version":[{"id":12051,"href":"https:\/\/europe.wordcamp.org\/2024\/wp-json\/wp\/v2\/speakers\/9444\/revisions\/12051"}],"sessions":[{"embeddable":true,"href":"https:\/\/europe.wordcamp.org\/2024\/wp-json\/wp\/v2\/sessions\/9708?_embed=1&context=view"}],"wp:attachment":[{"href":"https:\/\/europe.wordcamp.org\/2024\/wp-json\/wp\/v2\/media?parent=9444"}],"wp:term":[{"taxonomy":"wcb_speaker_group","embeddable":true,"href":"https:\/\/europe.wordcamp.org\/2024\/wp-json\/wp\/v2\/speaker_group?post=9444"}],"curies":[{"name":"wp","href":"https:\/\/api.w.org\/{rel}","templated":true}]}}